{"id":5046,"date":"2021-05-04T18:47:12","date_gmt":"2021-05-04T18:47:12","guid":{"rendered":"https:\/\/7reasons.tirol\/?page_id=5046"},"modified":"2022-09-29T09:54:22","modified_gmt":"2022-09-29T09:54:22","slug":"sommer","status":"publish","type":"page","link":"https:\/\/www.chalet-ahornblick.at\/en\/sommer\/","title":{"rendered":"Summer"},"content":{"rendered":"\t\t<div data-elementor-type=\"wp-page\" data-elementor-id=\"5046\" class=\"elementor elementor-5046\" data-elementor-post-type=\"page\">\n\t\t\t\t\t\t<section class=\"elementor-section elementor-top-section elementor-element elementor-element-b2c468a elementor-section-full_width elementor-section-items-top elementor-section-height-min-height elementor-section-height-default qodef-elementor-content-no\" data-id=\"b2c468a\" data-element_type=\"section\" data-e-type=\"section\" data-settings=\"{&quot;background_background&quot;:&quot;classic&quot;}\">\n\t\t\t\t\t\t<div class=\"elementor-container elementor-column-gap-default\">\n\t\t\t\t\t<div class=\"elementor-column elementor-col-100 elementor-top-column elementor-element elementor-element-1a961f6\" data-id=\"1a961f6\" data-element_type=\"column\" data-e-type=\"column\">\n\t\t\t<div class=\"elementor-widget-wrap elementor-element-populated\">\n\t\t\t\t\t\t<div class=\"elementor-element elementor-element-cb695ef elementor-widget elementor-widget-spacer\" data-id=\"cb695ef\" data-element_type=\"widget\" data-e-type=\"widget\" data-widget_type=\"spacer.default\">\n\t\t\t\t<div class=\"elementor-widget-container\">\n\t\t\t\t\t\t\t<div class=\"elementor-spacer\">\n\t\t\t<div class=\"elementor-spacer-inner\"><\/div>\n\t\t<\/div>\n\t\t\t\t\t\t<\/div>\n\t\t\t\t<\/div>\n\t\t\t\t\t<\/div>\n\t\t<\/div>\n\t\t\t\t\t<\/div>\n\t\t<\/section>\n\t\t\t\t<section class=\"elementor-section elementor-top-section elementor-element elementor-element-8158ed5 elementor-section-boxed elementor-section-height-default elementor-section-height-default qodef-elementor-content-no\" data-id=\"8158ed5\" data-element_type=\"section\" data-e-type=\"section\">\n\t\t\t\t\t\t<div class=\"elementor-container elementor-column-gap-default\">\n\t\t\t\t\t<div class=\"elementor-column elementor-col-100 elementor-top-column elementor-element elementor-element-fbb2eac\" data-id=\"fbb2eac\" data-element_type=\"column\" data-e-type=\"column\">\n\t\t\t<div class=\"elementor-widget-wrap elementor-element-populated\">\n\t\t\t\t\t\t<div class=\"elementor-element elementor-element-460f256 elementor-widget elementor-widget-spacer\" data-id=\"460f256\" data-element_type=\"widget\" data-e-type=\"widget\" data-widget_type=\"spacer.default\">\n\t\t\t\t<div class=\"elementor-widget-container\">\n\t\t\t\t\t\t\t<div class=\"elementor-spacer\">\n\t\t\t<div class=\"elementor-spacer-inner\"><\/div>\n\t\t<\/div>\n\t\t\t\t\t\t<\/div>\n\t\t\t\t<\/div>\n\t\t\t\t<div class=\"elementor-element elementor-element-0470647 elementor-widget elementor-widget-querida_core_section_title\" data-id=\"0470647\" data-element_type=\"widget\" data-e-type=\"widget\" data-widget_type=\"querida_core_section_title.default\">\n\t\t\t\t<div class=\"elementor-widget-container\">\n\t\t\t\t\t<div class=\"qodef-shortcode qodef-m  qodef-section-title qodef-alignment--center qodef-title-break--disabled \">\n\t\t<h1 class=\"qodef-m-title\" >\n\t\t\t\t\tEin <span class=\"qodef-m-hightlight\"><span>Sommer<\/span><\/span> wie damals.\t\t\t<\/h1>\n\t\t<p class=\"qodef-m-text\" style=\"font-size: 25px;line-height: 32px\">Frische Bergluft, Sonnenstrahlen, die \u00fcber die Gipfel blinzeln, der Geruch von frisch gem\u00e4hten Wiesen\u2026 so muss ein Sommerurlaub in \u00d6sterreich aussehen. Wenn er dann auch noch mit abwechslungsreichen Aktivit\u00e4ten aufwarten kann, dann ist die Urlaubszeit perfekt! Unsere Apartments liegen im Herzen des Zillertals, darum ist es nie weit bis zu den n\u00e4chsten Ausflugstipps und Sehensw\u00fcrdigkeiten. Erleben Sie einen \u201eSommer wie damals\u201c \u2013 aber modern und stilecht in unseren Ferienwohnungen.<\/p>\n<\/div>\t\t\t\t<\/div>\n\t\t\t\t<\/div>\n\t\t\t\t\t<\/div>\n\t\t<\/div>\n\t\t\t\t\t<\/div>\n\t\t<\/section>\n\t\t\t\t<section class=\"elementor-section elementor-top-section elementor-element elementor-element-a7f6309 elementor-section-content-middle elementor-section-boxed elementor-section-height-default elementor-section-height-default qodef-elementor-content-no\" data-id=\"a7f6309\" data-element_type=\"section\" data-e-type=\"section\" data-settings=\"{&quot;background_background&quot;:&quot;slideshow&quot;,&quot;background_slideshow_gallery&quot;:[],&quot;background_slideshow_slide_duration&quot;:5000,&quot;background_slideshow_slide_transition&quot;:&quot;fade&quot;,&quot;background_slideshow_transition_duration&quot;:500}\">\n\t\t\t\t\t\t\t<div class=\"elementor-background-overlay\"><\/div>\n\t\t\t\t\t\t\t<div class=\"elementor-container elementor-column-gap-default\">\n\t\t\t\t\t<div class=\"elementor-column elementor-col-50 elementor-top-column elementor-element elementor-element-1c7c81c\" data-id=\"1c7c81c\" data-element_type=\"column\" data-e-type=\"column\">\n\t\t\t<div class=\"elementor-widget-wrap elementor-element-populated\">\n\t\t\t\t\t\t<div class=\"elementor-element elementor-element-8721d25 elementor-widget elementor-widget-querida_core_section_title\" data-id=\"8721d25\" data-element_type=\"widget\" data-e-type=\"widget\" data-widget_type=\"querida_core_section_title.default\">\n\t\t\t\t<div class=\"elementor-widget-container\">\n\t\t\t\t\t<div class=\"qodef-shortcode qodef-m  qodef-section-title qodef-alignment--center qodef-title-break--disabled \">\n\t\t<h1 class=\"qodef-m-title\" >\n\t\t\t\t\t7 <span class=\"qodef-m-hightlight\"><span>Gr\u00fcnde<\/span><\/span><br \/> f\u00fcr Ihren<br \/> Sommerurlaub bei uns\t\t\t<\/h1>\n\t<\/div>\t\t\t\t<\/div>\n\t\t\t\t<\/div>\n\t\t\t\t\t<\/div>\n\t\t<\/div>\n\t\t\t\t<div class=\"elementor-column elementor-col-50 elementor-top-column elementor-element elementor-element-fdb0f7d\" data-id=\"fdb0f7d\" data-element_type=\"column\" data-e-type=\"column\">\n\t\t\t<div class=\"elementor-widget-wrap elementor-element-populated\">\n\t\t\t\t\t\t<div class=\"elementor-element elementor-element-3c5ed27 elementor-widget elementor-widget-image\" data-id=\"3c5ed27\" data-element_type=\"widget\" data-e-type=\"widget\" data-settings=\"{&quot;motion_fx_motion_fx_scrolling&quot;:&quot;yes&quot;,&quot;motion_fx_translateY_effect&quot;:&quot;yes&quot;,&quot;motion_fx_blur_effect&quot;:&quot;yes&quot;,&quot;motion_fx_blur_range&quot;:{&quot;unit&quot;:&quot;%&quot;,&quot;size&quot;:&quot;&quot;,&quot;sizes&quot;:{&quot;start&quot;:0,&quot;end&quot;:38}},&quot;motion_fx_opacity_effect&quot;:&quot;yes&quot;,&quot;motion_fx_opacity_range&quot;:{&quot;unit&quot;:&quot;%&quot;,&quot;size&quot;:&quot;&quot;,&quot;sizes&quot;:{&quot;start&quot;:16,&quot;end&quot;:43}},&quot;motion_fx_translateY_speed&quot;:{&quot;unit&quot;:&quot;px&quot;,&quot;size&quot;:4,&quot;sizes&quot;:[]},&quot;motion_fx_translateY_affectedRange&quot;:{&quot;unit&quot;:&quot;%&quot;,&quot;size&quot;:&quot;&quot;,&quot;sizes&quot;:{&quot;start&quot;:0,&quot;end&quot;:100}},&quot;motion_fx_opacity_direction&quot;:&quot;out-in&quot;,&quot;motion_fx_opacity_level&quot;:{&quot;unit&quot;:&quot;px&quot;,&quot;size&quot;:10,&quot;sizes&quot;:[]},&quot;motion_fx_blur_direction&quot;:&quot;out-in&quot;,&quot;motion_fx_blur_level&quot;:{&quot;unit&quot;:&quot;px&quot;,&quot;size&quot;:7,&quot;sizes&quot;:[]},&quot;motion_fx_devices&quot;:[&quot;desktop&quot;,&quot;tablet&quot;,&quot;mobile&quot;]}\" data-widget_type=\"image.default\">\n\t\t\t\t<div class=\"elementor-widget-container\">\n\t\t\t\t\t\t\t\t\t\t\t\t\t\t\t<img fetchpriority=\"high\" decoding=\"async\" width=\"768\" height=\"387\" src=\"https:\/\/www.chalet-ahornblick.at\/wp-content\/uploads\/2022\/03\/Chalet-Ahornblick-colour-1-768x387.png\" class=\"attachment-medium_large size-medium_large wp-image-5669\" alt=\"\" srcset=\"https:\/\/www.chalet-ahornblick.at\/wp-content\/uploads\/2022\/03\/Chalet-Ahornblick-colour-1-768x387.png 768w, https:\/\/www.chalet-ahornblick.at\/wp-content\/uploads\/2022\/03\/Chalet-Ahornblick-colour-1-300x151.png 300w, https:\/\/www.chalet-ahornblick.at\/wp-content\/uploads\/2022\/03\/Chalet-Ahornblick-colour-1-1024x516.png 1024w, https:\/\/www.chalet-ahornblick.at\/wp-content\/uploads\/2022\/03\/Chalet-Ahornblick-colour-1-1536x774.png 1536w, https:\/\/www.chalet-ahornblick.at\/wp-content\/uploads\/2022\/03\/Chalet-Ahornblick-colour-1-e1662538287918.png 512w\" sizes=\"(max-width: 768px) 100vw, 768px\" \/>\t\t\t\t\t\t\t\t\t\t\t\t\t\t\t<\/div>\n\t\t\t\t<\/div>\n\t\t\t\t\t<\/div>\n\t\t<\/div>\n\t\t\t\t\t<\/div>\n\t\t<\/section>\n\t\t\t\t<section class=\"elementor-section elementor-top-section elementor-element elementor-element-9ccee47 elementor-section-content-middle elementor-section-boxed elementor-section-height-default elementor-section-height-default qodef-elementor-content-no\" data-id=\"9ccee47\" data-element_type=\"section\" data-e-type=\"section\">\n\t\t\t\t\t\t<div class=\"elementor-container elementor-column-gap-default\">\n\t\t\t\t\t<div class=\"elementor-column elementor-col-33 elementor-top-column elementor-element elementor-element-20a665c\" data-id=\"20a665c\" data-element_type=\"column\" data-e-type=\"column\">\n\t\t\t<div class=\"elementor-widget-wrap elementor-element-populated\">\n\t\t\t\t\t\t<div class=\"elementor-element elementor-element-da14c04 elementor-widget elementor-widget-image\" data-id=\"da14c04\" data-element_type=\"widget\" data-e-type=\"widget\" data-settings=\"{&quot;motion_fx_motion_fx_scrolling&quot;:&quot;yes&quot;,&quot;motion_fx_translateY_effect&quot;:&quot;yes&quot;,&quot;motion_fx_translateY_speed&quot;:{&quot;unit&quot;:&quot;px&quot;,&quot;size&quot;:2.5,&quot;sizes&quot;:[]},&quot;motion_fx_translateY_affectedRange&quot;:{&quot;unit&quot;:&quot;%&quot;,&quot;size&quot;:&quot;&quot;,&quot;sizes&quot;:{&quot;start&quot;:23,&quot;end&quot;:100}},&quot;motion_fx_devices&quot;:[&quot;desktop&quot;,&quot;tablet&quot;,&quot;mobile&quot;]}\" data-widget_type=\"image.default\">\n\t\t\t\t<div class=\"elementor-widget-container\">\n\t\t\t\t\t\t\t\t\t\t\t\t\t\t\t<img decoding=\"async\" width=\"768\" height=\"512\" src=\"https:\/\/www.chalet-ahornblick.at\/wp-content\/uploads\/2021\/05\/seven_reasons_zillertal_urlaub_Tirol_-36-768x512.jpg\" class=\"attachment-medium_large size-medium_large wp-image-5175\" alt=\"\" srcset=\"https:\/\/www.chalet-ahornblick.at\/wp-content\/uploads\/2021\/05\/seven_reasons_zillertal_urlaub_Tirol_-36-768x512.jpg 768w, https:\/\/www.chalet-ahornblick.at\/wp-content\/uploads\/2021\/05\/seven_reasons_zillertal_urlaub_Tirol_-36-300x200.jpg 300w, https:\/\/www.chalet-ahornblick.at\/wp-content\/uploads\/2021\/05\/seven_reasons_zillertal_urlaub_Tirol_-36-1024x683.jpg 1024w, https:\/\/www.chalet-ahornblick.at\/wp-content\/uploads\/2021\/05\/seven_reasons_zillertal_urlaub_Tirol_-36-1536x1025.jpg 1536w, https:\/\/www.chalet-ahornblick.at\/wp-content\/uploads\/2021\/05\/seven_reasons_zillertal_urlaub_Tirol_-36-600x400.jpg 600w, https:\/\/www.chalet-ahornblick.at\/wp-content\/uploads\/2021\/05\/seven_reasons_zillertal_urlaub_Tirol_-36.jpg 1920w\" sizes=\"(max-width: 768px) 100vw, 768px\" \/>\t\t\t\t\t\t\t\t\t\t\t\t\t\t\t<\/div>\n\t\t\t\t<\/div>\n\t\t\t\t\t<\/div>\n\t\t<\/div>\n\t\t\t\t<div class=\"elementor-column elementor-col-66 elementor-top-column elementor-element elementor-element-4ac7f43\" data-id=\"4ac7f43\" data-element_type=\"column\" data-e-type=\"column\">\n\t\t\t<div class=\"elementor-widget-wrap elementor-element-populated\">\n\t\t\t\t\t\t<div class=\"elementor-element elementor-element-ff9fcfc elementor-invisible elementor-widget elementor-widget-querida_core_section_title\" data-id=\"ff9fcfc\" data-element_type=\"widget\" data-e-type=\"widget\" data-settings=\"{&quot;_animation&quot;:&quot;fadeInUp&quot;,&quot;motion_fx_motion_fx_scrolling&quot;:&quot;yes&quot;,&quot;motion_fx_translateY_effect&quot;:&quot;yes&quot;,&quot;motion_fx_translateY_affectedRange&quot;:{&quot;unit&quot;:&quot;%&quot;,&quot;size&quot;:&quot;&quot;,&quot;sizes&quot;:{&quot;start&quot;:12,&quot;end&quot;:88}},&quot;motion_fx_blur_effect&quot;:&quot;yes&quot;,&quot;motion_fx_blur_level&quot;:{&quot;unit&quot;:&quot;px&quot;,&quot;size&quot;:5,&quot;sizes&quot;:[]},&quot;motion_fx_blur_range&quot;:{&quot;unit&quot;:&quot;%&quot;,&quot;size&quot;:&quot;&quot;,&quot;sizes&quot;:{&quot;start&quot;:0,&quot;end&quot;:27}},&quot;motion_fx_translateY_speed&quot;:{&quot;unit&quot;:&quot;px&quot;,&quot;size&quot;:4,&quot;sizes&quot;:[]},&quot;motion_fx_blur_direction&quot;:&quot;out-in&quot;,&quot;motion_fx_devices&quot;:[&quot;desktop&quot;,&quot;tablet&quot;,&quot;mobile&quot;]}\" data-widget_type=\"querida_core_section_title.default\">\n\t\t\t\t<div class=\"elementor-widget-container\">\n\t\t\t\t\t<div class=\"qodef-shortcode qodef-m  qodef-section-title qodef-alignment--left qodef-title-break--disabled \">\n\t\t<h2 class=\"qodef-m-title\" >\n\t\t\t\t\t<span class=\"qodef-m-hightlight\"><span>Das<\/span><\/span> Zillertal\t\t\t<\/h2>\n\t\t<p class=\"qodef-m-text\" >Das Tiroler Zillertal geh\u00f6rt zu den meistbesuchten Orten \u00d6sterreichs. Zurecht: Denn an kaum einem anderen Platzerl liegen Freizeitspa\u00df und Erholung so nah beieinander. Und mit unseren Apartments sind Sie mittendrin!<\/p>\n<\/div>\t\t\t\t<\/div>\n\t\t\t\t<\/div>\n\t\t\t\t\t<\/div>\n\t\t<\/div>\n\t\t\t\t\t<\/div>\n\t\t<\/section>\n\t\t\t\t<section class=\"elementor-section elementor-top-section elementor-element elementor-element-c956778 elementor-section-content-middle elementor-section-boxed elementor-section-height-default elementor-section-height-default qodef-elementor-content-no\" data-id=\"c956778\" data-element_type=\"section\" data-e-type=\"section\">\n\t\t\t\t\t\t<div class=\"elementor-container elementor-column-gap-default\">\n\t\t\t\t\t<div class=\"elementor-column elementor-col-50 elementor-top-column elementor-element elementor-element-f1c978e\" data-id=\"f1c978e\" data-element_type=\"column\" data-e-type=\"column\">\n\t\t\t<div class=\"elementor-widget-wrap elementor-element-populated\">\n\t\t\t\t\t\t<div class=\"elementor-element elementor-element-66aff09 elementor-widget elementor-widget-image\" data-id=\"66aff09\" data-element_type=\"widget\" data-e-type=\"widget\" data-settings=\"{&quot;motion_fx_motion_fx_scrolling&quot;:&quot;yes&quot;,&quot;motion_fx_translateY_effect&quot;:&quot;yes&quot;,&quot;motion_fx_translateY_speed&quot;:{&quot;unit&quot;:&quot;px&quot;,&quot;size&quot;:2.5,&quot;sizes&quot;:[]},&quot;motion_fx_translateX_effect&quot;:&quot;yes&quot;,&quot;motion_fx_translateX_speed&quot;:{&quot;unit&quot;:&quot;px&quot;,&quot;size&quot;:0.1000000000000000055511151231257827021181583404541015625,&quot;sizes&quot;:[]},&quot;motion_fx_translateY_affectedRange&quot;:{&quot;unit&quot;:&quot;%&quot;,&quot;size&quot;:&quot;&quot;,&quot;sizes&quot;:{&quot;start&quot;:0,&quot;end&quot;:100}},&quot;motion_fx_translateX_affectedRange&quot;:{&quot;unit&quot;:&quot;%&quot;,&quot;size&quot;:&quot;&quot;,&quot;sizes&quot;:{&quot;start&quot;:0,&quot;end&quot;:100}},&quot;motion_fx_devices&quot;:[&quot;desktop&quot;,&quot;tablet&quot;,&quot;mobile&quot;]}\" data-widget_type=\"image.default\">\n\t\t\t\t<div class=\"elementor-widget-container\">\n\t\t\t\t\t\t\t\t\t\t\t\t\t\t\t<img decoding=\"async\" width=\"768\" height=\"512\" src=\"https:\/\/www.chalet-ahornblick.at\/wp-content\/uploads\/2021\/05\/seven_reasons_zillertal_urlaub_Tirol_-11-768x512.jpg\" class=\"attachment-medium_large size-medium_large wp-image-5117\" alt=\"\" srcset=\"https:\/\/www.chalet-ahornblick.at\/wp-content\/uploads\/2021\/05\/seven_reasons_zillertal_urlaub_Tirol_-11-768x512.jpg 768w, https:\/\/www.chalet-ahornblick.at\/wp-content\/uploads\/2021\/05\/seven_reasons_zillertal_urlaub_Tirol_-11-300x200.jpg 300w, https:\/\/www.chalet-ahornblick.at\/wp-content\/uploads\/2021\/05\/seven_reasons_zillertal_urlaub_Tirol_-11-1024x683.jpg 1024w, https:\/\/www.chalet-ahornblick.at\/wp-content\/uploads\/2021\/05\/seven_reasons_zillertal_urlaub_Tirol_-11-1536x1024.jpg 1536w, https:\/\/www.chalet-ahornblick.at\/wp-content\/uploads\/2021\/05\/seven_reasons_zillertal_urlaub_Tirol_-11-600x400.jpg 600w, https:\/\/www.chalet-ahornblick.at\/wp-content\/uploads\/2021\/05\/seven_reasons_zillertal_urlaub_Tirol_-11.jpg 1920w\" sizes=\"(max-width: 768px) 100vw, 768px\" \/>\t\t\t\t\t\t\t\t\t\t\t\t\t\t\t<\/div>\n\t\t\t\t<\/div>\n\t\t\t\t\t<\/div>\n\t\t<\/div>\n\t\t\t\t<div class=\"elementor-column elementor-col-50 elementor-top-column elementor-element elementor-element-3b33389\" data-id=\"3b33389\" data-element_type=\"column\" data-e-type=\"column\">\n\t\t\t<div class=\"elementor-widget-wrap elementor-element-populated\">\n\t\t\t\t\t\t<div class=\"elementor-element elementor-element-06d5937 elementor-invisible elementor-widget elementor-widget-querida_core_section_title\" data-id=\"06d5937\" data-element_type=\"widget\" data-e-type=\"widget\" data-settings=\"{&quot;_animation&quot;:&quot;fadeInUp&quot;,&quot;motion_fx_motion_fx_scrolling&quot;:&quot;yes&quot;,&quot;motion_fx_translateY_effect&quot;:&quot;yes&quot;,&quot;motion_fx_translateY_affectedRange&quot;:{&quot;unit&quot;:&quot;%&quot;,&quot;size&quot;:&quot;&quot;,&quot;sizes&quot;:{&quot;start&quot;:12,&quot;end&quot;:88}},&quot;motion_fx_blur_effect&quot;:&quot;yes&quot;,&quot;motion_fx_blur_level&quot;:{&quot;unit&quot;:&quot;px&quot;,&quot;size&quot;:5,&quot;sizes&quot;:[]},&quot;motion_fx_blur_range&quot;:{&quot;unit&quot;:&quot;%&quot;,&quot;size&quot;:&quot;&quot;,&quot;sizes&quot;:{&quot;start&quot;:0,&quot;end&quot;:27}},&quot;motion_fx_translateY_speed&quot;:{&quot;unit&quot;:&quot;px&quot;,&quot;size&quot;:2.79999999999999982236431605997495353221893310546875,&quot;sizes&quot;:[]},&quot;motion_fx_blur_direction&quot;:&quot;out-in&quot;,&quot;motion_fx_devices&quot;:[&quot;desktop&quot;,&quot;tablet&quot;,&quot;mobile&quot;]}\" data-widget_type=\"querida_core_section_title.default\">\n\t\t\t\t<div class=\"elementor-widget-container\">\n\t\t\t\t\t<div class=\"qodef-shortcode qodef-m  qodef-section-title qodef-alignment--left qodef-title-break--disabled \">\n\t\t<h2 class=\"qodef-m-title\" >\n\t\t\t\t\t<span class=\"qodef-m-hightlight\"><span>Wandern<\/span><\/span> und Aktivurlaub\t\t\t<\/h2>\n\t\t<p class=\"qodef-m-text\" >Die n\u00e4chste Tour ist nur einen Spaziergang entfernt! Wie w\u00e4re es zum Beispiel mit einer Wanderung auf unseren Hausberg, das Spieljoch? Aber auch sonst ist es nicht weit bis zum n\u00e4chsten Wandererlebnis f\u00fcr Anf\u00e4nger und Fortgeschrittene.<\/p>\n<\/div>\t\t\t\t<\/div>\n\t\t\t\t<\/div>\n\t\t\t\t\t<\/div>\n\t\t<\/div>\n\t\t\t\t\t<\/div>\n\t\t<\/section>\n\t\t\t\t<section class=\"elementor-section elementor-top-section elementor-element elementor-element-ee842df elementor-section-content-middle elementor-section-boxed elementor-section-height-default elementor-section-height-default qodef-elementor-content-no\" data-id=\"ee842df\" data-element_type=\"section\" data-e-type=\"section\">\n\t\t\t\t\t\t<div class=\"elementor-container elementor-column-gap-default\">\n\t\t\t\t\t<div class=\"elementor-column elementor-col-33 elementor-top-column elementor-element elementor-element-2a1c429\" data-id=\"2a1c429\" data-element_type=\"column\" data-e-type=\"column\">\n\t\t\t<div class=\"elementor-widget-wrap elementor-element-populated\">\n\t\t\t\t\t\t<div class=\"elementor-element elementor-element-3b554d2 elementor-widget elementor-widget-image\" data-id=\"3b554d2\" data-element_type=\"widget\" data-e-type=\"widget\" data-settings=\"{&quot;motion_fx_motion_fx_scrolling&quot;:&quot;yes&quot;,&quot;motion_fx_translateY_effect&quot;:&quot;yes&quot;,&quot;motion_fx_translateY_speed&quot;:{&quot;unit&quot;:&quot;px&quot;,&quot;size&quot;:1.6999999999999999555910790149937383830547332763671875,&quot;sizes&quot;:[]},&quot;motion_fx_translateY_affectedRange&quot;:{&quot;unit&quot;:&quot;%&quot;,&quot;size&quot;:&quot;&quot;,&quot;sizes&quot;:{&quot;start&quot;:0,&quot;end&quot;:67}},&quot;motion_fx_translateX_effect&quot;:&quot;yes&quot;,&quot;motion_fx_translateX_direction&quot;:&quot;negative&quot;,&quot;motion_fx_translateX_speed&quot;:{&quot;unit&quot;:&quot;px&quot;,&quot;size&quot;:0.1000000000000000055511151231257827021181583404541015625,&quot;sizes&quot;:[]},&quot;motion_fx_translateX_affectedRange&quot;:{&quot;unit&quot;:&quot;%&quot;,&quot;size&quot;:&quot;&quot;,&quot;sizes&quot;:{&quot;start&quot;:0,&quot;end&quot;:100}},&quot;motion_fx_devices&quot;:[&quot;desktop&quot;,&quot;tablet&quot;,&quot;mobile&quot;]}\" data-widget_type=\"image.default\">\n\t\t\t\t<div class=\"elementor-widget-container\">\n\t\t\t\t\t\t\t\t\t\t\t\t\t\t\t<img loading=\"lazy\" decoding=\"async\" width=\"768\" height=\"512\" src=\"https:\/\/www.chalet-ahornblick.at\/wp-content\/uploads\/2021\/05\/seven_reasons_zillertal_urlaub_Tirol_-28-768x512.jpg\" class=\"attachment-medium_large size-medium_large wp-image-5109\" alt=\"\" srcset=\"https:\/\/www.chalet-ahornblick.at\/wp-content\/uploads\/2021\/05\/seven_reasons_zillertal_urlaub_Tirol_-28-768x512.jpg 768w, https:\/\/www.chalet-ahornblick.at\/wp-content\/uploads\/2021\/05\/seven_reasons_zillertal_urlaub_Tirol_-28-300x200.jpg 300w, https:\/\/www.chalet-ahornblick.at\/wp-content\/uploads\/2021\/05\/seven_reasons_zillertal_urlaub_Tirol_-28-1024x683.jpg 1024w, https:\/\/www.chalet-ahornblick.at\/wp-content\/uploads\/2021\/05\/seven_reasons_zillertal_urlaub_Tirol_-28-1536x1024.jpg 1536w, https:\/\/www.chalet-ahornblick.at\/wp-content\/uploads\/2021\/05\/seven_reasons_zillertal_urlaub_Tirol_-28-600x400.jpg 600w, https:\/\/www.chalet-ahornblick.at\/wp-content\/uploads\/2021\/05\/seven_reasons_zillertal_urlaub_Tirol_-28.jpg 1920w\" sizes=\"(max-width: 768px) 100vw, 768px\" \/>\t\t\t\t\t\t\t\t\t\t\t\t\t\t\t<\/div>\n\t\t\t\t<\/div>\n\t\t\t\t\t<\/div>\n\t\t<\/div>\n\t\t\t\t<div class=\"elementor-column elementor-col-66 elementor-top-column elementor-element elementor-element-416aee6\" data-id=\"416aee6\" data-element_type=\"column\" data-e-type=\"column\">\n\t\t\t<div class=\"elementor-widget-wrap elementor-element-populated\">\n\t\t\t\t\t\t<div class=\"elementor-element elementor-element-72cb603 elementor-invisible elementor-widget elementor-widget-querida_core_section_title\" data-id=\"72cb603\" data-element_type=\"widget\" data-e-type=\"widget\" data-settings=\"{&quot;_animation&quot;:&quot;fadeInUp&quot;,&quot;motion_fx_motion_fx_scrolling&quot;:&quot;yes&quot;,&quot;motion_fx_translateY_effect&quot;:&quot;yes&quot;,&quot;motion_fx_translateY_affectedRange&quot;:{&quot;unit&quot;:&quot;%&quot;,&quot;size&quot;:&quot;&quot;,&quot;sizes&quot;:{&quot;start&quot;:12,&quot;end&quot;:88}},&quot;motion_fx_blur_effect&quot;:&quot;yes&quot;,&quot;motion_fx_blur_level&quot;:{&quot;unit&quot;:&quot;px&quot;,&quot;size&quot;:5,&quot;sizes&quot;:[]},&quot;motion_fx_blur_range&quot;:{&quot;unit&quot;:&quot;%&quot;,&quot;size&quot;:&quot;&quot;,&quot;sizes&quot;:{&quot;start&quot;:0,&quot;end&quot;:27}},&quot;motion_fx_translateY_speed&quot;:{&quot;unit&quot;:&quot;px&quot;,&quot;size&quot;:4,&quot;sizes&quot;:[]},&quot;motion_fx_blur_direction&quot;:&quot;out-in&quot;,&quot;motion_fx_devices&quot;:[&quot;desktop&quot;,&quot;tablet&quot;,&quot;mobile&quot;]}\" data-widget_type=\"querida_core_section_title.default\">\n\t\t\t\t<div class=\"elementor-widget-container\">\n\t\t\t\t\t<div class=\"qodef-shortcode qodef-m  qodef-section-title qodef-alignment--left qodef-title-break--disabled \">\n\t\t<h2 class=\"qodef-m-title\" >\n\t\t\t\t\t<span class=\"qodef-m-hightlight\"><span>Freizeitaktivit\u00e4ten<\/span><\/span>\t\t\t<\/h2>\n\t\t<p class=\"qodef-m-text\" >Wer nicht unbedingt die Wanderschuhe schn\u00fcren m\u00f6chte, hat trotzdem viel zu erleben. Ob Radfahren, Golfspielen, ein Tag am Badesee oder ein Besuch in der Erlebnistherme Zillertal: Unsere Apartments sind der ideale Ausgangspunkt f\u00fcr Ihren n\u00e4chsten Ausflug.<\/p>\n<\/div>\t\t\t\t<\/div>\n\t\t\t\t<\/div>\n\t\t\t\t\t<\/div>\n\t\t<\/div>\n\t\t\t\t\t<\/div>\n\t\t<\/section>\n\t\t\t\t<section class=\"elementor-section elementor-top-section elementor-element elementor-element-89ecedf elementor-section-content-middle elementor-section-boxed elementor-section-height-default elementor-section-height-default qodef-elementor-content-no\" data-id=\"89ecedf\" data-element_type=\"section\" data-e-type=\"section\">\n\t\t\t\t\t\t<div class=\"elementor-container elementor-column-gap-default\">\n\t\t\t\t\t<div class=\"elementor-column elementor-col-50 elementor-top-column elementor-element elementor-element-253c29b\" data-id=\"253c29b\" data-element_type=\"column\" data-e-type=\"column\">\n\t\t\t<div class=\"elementor-widget-wrap elementor-element-populated\">\n\t\t\t\t\t\t<div class=\"elementor-element elementor-element-a52f37f elementor-widget elementor-widget-image\" data-id=\"a52f37f\" data-element_type=\"widget\" data-e-type=\"widget\" data-settings=\"{&quot;motion_fx_motion_fx_scrolling&quot;:&quot;yes&quot;,&quot;motion_fx_translateY_effect&quot;:&quot;yes&quot;,&quot;motion_fx_translateY_speed&quot;:{&quot;unit&quot;:&quot;px&quot;,&quot;size&quot;:1.6999999999999999555910790149937383830547332763671875,&quot;sizes&quot;:[]},&quot;motion_fx_translateY_affectedRange&quot;:{&quot;unit&quot;:&quot;%&quot;,&quot;size&quot;:&quot;&quot;,&quot;sizes&quot;:{&quot;start&quot;:0,&quot;end&quot;:67}},&quot;motion_fx_translateX_effect&quot;:&quot;yes&quot;,&quot;motion_fx_translateX_speed&quot;:{&quot;unit&quot;:&quot;px&quot;,&quot;size&quot;:0.200000000000000011102230246251565404236316680908203125,&quot;sizes&quot;:[]},&quot;motion_fx_translateX_affectedRange&quot;:{&quot;unit&quot;:&quot;%&quot;,&quot;size&quot;:&quot;&quot;,&quot;sizes&quot;:{&quot;start&quot;:0,&quot;end&quot;:100}},&quot;motion_fx_devices&quot;:[&quot;desktop&quot;,&quot;tablet&quot;,&quot;mobile&quot;]}\" data-widget_type=\"image.default\">\n\t\t\t\t<div class=\"elementor-widget-container\">\n\t\t\t\t\t\t\t\t\t\t\t\t\t\t\t<img loading=\"lazy\" decoding=\"async\" width=\"768\" height=\"512\" src=\"https:\/\/www.chalet-ahornblick.at\/wp-content\/uploads\/2021\/05\/seven_reasons_zillertal_urlaub_Tirol_-30-768x512.jpg\" class=\"attachment-medium_large size-medium_large wp-image-5110\" alt=\"\" srcset=\"https:\/\/www.chalet-ahornblick.at\/wp-content\/uploads\/2021\/05\/seven_reasons_zillertal_urlaub_Tirol_-30-768x512.jpg 768w, https:\/\/www.chalet-ahornblick.at\/wp-content\/uploads\/2021\/05\/seven_reasons_zillertal_urlaub_Tirol_-30-300x200.jpg 300w, https:\/\/www.chalet-ahornblick.at\/wp-content\/uploads\/2021\/05\/seven_reasons_zillertal_urlaub_Tirol_-30-1024x683.jpg 1024w, https:\/\/www.chalet-ahornblick.at\/wp-content\/uploads\/2021\/05\/seven_reasons_zillertal_urlaub_Tirol_-30-1536x1024.jpg 1536w, https:\/\/www.chalet-ahornblick.at\/wp-content\/uploads\/2021\/05\/seven_reasons_zillertal_urlaub_Tirol_-30-600x400.jpg 600w, https:\/\/www.chalet-ahornblick.at\/wp-content\/uploads\/2021\/05\/seven_reasons_zillertal_urlaub_Tirol_-30.jpg 1920w\" sizes=\"(max-width: 768px) 100vw, 768px\" \/>\t\t\t\t\t\t\t\t\t\t\t\t\t\t\t<\/div>\n\t\t\t\t<\/div>\n\t\t\t\t\t<\/div>\n\t\t<\/div>\n\t\t\t\t<div class=\"elementor-column elementor-col-50 elementor-top-column elementor-element elementor-element-e796c41\" data-id=\"e796c41\" data-element_type=\"column\" data-e-type=\"column\">\n\t\t\t<div class=\"elementor-widget-wrap elementor-element-populated\">\n\t\t\t\t\t\t<div class=\"elementor-element elementor-element-9da8a77 elementor-invisible elementor-widget elementor-widget-querida_core_section_title\" data-id=\"9da8a77\" data-element_type=\"widget\" data-e-type=\"widget\" data-settings=\"{&quot;_animation&quot;:&quot;fadeInUp&quot;,&quot;motion_fx_motion_fx_scrolling&quot;:&quot;yes&quot;,&quot;motion_fx_translateY_effect&quot;:&quot;yes&quot;,&quot;motion_fx_translateY_affectedRange&quot;:{&quot;unit&quot;:&quot;%&quot;,&quot;size&quot;:&quot;&quot;,&quot;sizes&quot;:{&quot;start&quot;:12,&quot;end&quot;:88}},&quot;motion_fx_blur_effect&quot;:&quot;yes&quot;,&quot;motion_fx_blur_level&quot;:{&quot;unit&quot;:&quot;px&quot;,&quot;size&quot;:5,&quot;sizes&quot;:[]},&quot;motion_fx_blur_range&quot;:{&quot;unit&quot;:&quot;%&quot;,&quot;size&quot;:&quot;&quot;,&quot;sizes&quot;:{&quot;start&quot;:0,&quot;end&quot;:27}},&quot;motion_fx_translateY_speed&quot;:{&quot;unit&quot;:&quot;px&quot;,&quot;size&quot;:2.5,&quot;sizes&quot;:[]},&quot;motion_fx_blur_direction&quot;:&quot;out-in&quot;,&quot;motion_fx_devices&quot;:[&quot;desktop&quot;,&quot;tablet&quot;,&quot;mobile&quot;]}\" data-widget_type=\"querida_core_section_title.default\">\n\t\t\t\t<div class=\"elementor-widget-container\">\n\t\t\t\t\t<div class=\"qodef-shortcode qodef-m  qodef-section-title qodef-alignment--left qodef-title-break--disabled \">\n\t\t<h2 class=\"qodef-m-title\" >\n\t\t\t\t\tKulinarik\t\t\t<\/h2>\n\t\t<p class=\"qodef-m-text\" >Lieber die z\u00fcnftige Bergjause nach dem Gipfelsturm oder lokale K\u00fcche unten im Tal? Wenn es etwas gibt, was in Tirol vorz\u00fcglich m\u00f6glich ist, dann ist es das ausgiebige Speisen nach einem erlebnisreichen Sommertag.<\/p>\n<\/div>\t\t\t\t<\/div>\n\t\t\t\t<\/div>\n\t\t\t\t\t<\/div>\n\t\t<\/div>\n\t\t\t\t\t<\/div>\n\t\t<\/section>\n\t\t\t\t<section class=\"elementor-section elementor-top-section elementor-element elementor-element-6b60238 elementor-section-content-middle elementor-section-boxed elementor-section-height-default elementor-section-height-default qodef-elementor-content-no\" data-id=\"6b60238\" data-element_type=\"section\" data-e-type=\"section\">\n\t\t\t\t\t\t<div class=\"elementor-container elementor-column-gap-default\">\n\t\t\t\t\t<div class=\"elementor-column elementor-col-33 elementor-top-column elementor-element elementor-element-4aea97d\" data-id=\"4aea97d\" data-element_type=\"column\" data-e-type=\"column\">\n\t\t\t<div class=\"elementor-widget-wrap elementor-element-populated\">\n\t\t\t\t\t\t<div class=\"elementor-element elementor-element-a781c01 elementor-widget elementor-widget-image\" data-id=\"a781c01\" data-element_type=\"widget\" data-e-type=\"widget\" data-settings=\"{&quot;motion_fx_motion_fx_scrolling&quot;:&quot;yes&quot;,&quot;motion_fx_translateY_effect&quot;:&quot;yes&quot;,&quot;motion_fx_translateY_speed&quot;:{&quot;unit&quot;:&quot;px&quot;,&quot;size&quot;:1.6999999999999999555910790149937383830547332763671875,&quot;sizes&quot;:[]},&quot;motion_fx_translateY_affectedRange&quot;:{&quot;unit&quot;:&quot;%&quot;,&quot;size&quot;:&quot;&quot;,&quot;sizes&quot;:{&quot;start&quot;:0,&quot;end&quot;:67}},&quot;motion_fx_translateX_effect&quot;:&quot;yes&quot;,&quot;motion_fx_translateX_speed&quot;:{&quot;unit&quot;:&quot;px&quot;,&quot;size&quot;:0.200000000000000011102230246251565404236316680908203125,&quot;sizes&quot;:[]},&quot;motion_fx_translateX_affectedRange&quot;:{&quot;unit&quot;:&quot;%&quot;,&quot;size&quot;:&quot;&quot;,&quot;sizes&quot;:{&quot;start&quot;:0,&quot;end&quot;:100}},&quot;motion_fx_devices&quot;:[&quot;desktop&quot;,&quot;tablet&quot;,&quot;mobile&quot;]}\" data-widget_type=\"image.default\">\n\t\t\t\t<div class=\"elementor-widget-container\">\n\t\t\t\t\t\t\t\t\t\t\t\t\t\t\t<img loading=\"lazy\" decoding=\"async\" width=\"768\" height=\"512\" src=\"https:\/\/www.chalet-ahornblick.at\/wp-content\/uploads\/2021\/05\/seven_reasons_zillertal_urlaub_Tirol_-10-768x512.jpg\" class=\"attachment-medium_large size-medium_large wp-image-5112\" alt=\"\" srcset=\"https:\/\/www.chalet-ahornblick.at\/wp-content\/uploads\/2021\/05\/seven_reasons_zillertal_urlaub_Tirol_-10-768x512.jpg 768w, https:\/\/www.chalet-ahornblick.at\/wp-content\/uploads\/2021\/05\/seven_reasons_zillertal_urlaub_Tirol_-10-300x200.jpg 300w, https:\/\/www.chalet-ahornblick.at\/wp-content\/uploads\/2021\/05\/seven_reasons_zillertal_urlaub_Tirol_-10-1024x683.jpg 1024w, https:\/\/www.chalet-ahornblick.at\/wp-content\/uploads\/2021\/05\/seven_reasons_zillertal_urlaub_Tirol_-10-1536x1024.jpg 1536w, https:\/\/www.chalet-ahornblick.at\/wp-content\/uploads\/2021\/05\/seven_reasons_zillertal_urlaub_Tirol_-10-600x400.jpg 600w, https:\/\/www.chalet-ahornblick.at\/wp-content\/uploads\/2021\/05\/seven_reasons_zillertal_urlaub_Tirol_-10.jpg 1920w\" sizes=\"(max-width: 768px) 100vw, 768px\" \/>\t\t\t\t\t\t\t\t\t\t\t\t\t\t\t<\/div>\n\t\t\t\t<\/div>\n\t\t\t\t\t<\/div>\n\t\t<\/div>\n\t\t\t\t<div class=\"elementor-column elementor-col-66 elementor-top-column elementor-element elementor-element-30843be\" data-id=\"30843be\" data-element_type=\"column\" data-e-type=\"column\">\n\t\t\t<div class=\"elementor-widget-wrap elementor-element-populated\">\n\t\t\t\t\t\t<div class=\"elementor-element elementor-element-4571247 elementor-invisible elementor-widget elementor-widget-querida_core_section_title\" data-id=\"4571247\" data-element_type=\"widget\" data-e-type=\"widget\" data-settings=\"{&quot;_animation&quot;:&quot;fadeInUp&quot;,&quot;motion_fx_motion_fx_scrolling&quot;:&quot;yes&quot;,&quot;motion_fx_translateY_effect&quot;:&quot;yes&quot;,&quot;motion_fx_translateY_affectedRange&quot;:{&quot;unit&quot;:&quot;%&quot;,&quot;size&quot;:&quot;&quot;,&quot;sizes&quot;:{&quot;start&quot;:12,&quot;end&quot;:88}},&quot;motion_fx_blur_effect&quot;:&quot;yes&quot;,&quot;motion_fx_blur_level&quot;:{&quot;unit&quot;:&quot;px&quot;,&quot;size&quot;:5,&quot;sizes&quot;:[]},&quot;motion_fx_blur_range&quot;:{&quot;unit&quot;:&quot;%&quot;,&quot;size&quot;:&quot;&quot;,&quot;sizes&quot;:{&quot;start&quot;:0,&quot;end&quot;:27}},&quot;motion_fx_translateY_speed&quot;:{&quot;unit&quot;:&quot;px&quot;,&quot;size&quot;:2.5,&quot;sizes&quot;:[]},&quot;motion_fx_blur_direction&quot;:&quot;out-in&quot;,&quot;motion_fx_devices&quot;:[&quot;desktop&quot;,&quot;tablet&quot;,&quot;mobile&quot;]}\" data-widget_type=\"querida_core_section_title.default\">\n\t\t\t\t<div class=\"elementor-widget-container\">\n\t\t\t\t\t<div class=\"qodef-shortcode qodef-m  qodef-section-title qodef-alignment--left qodef-title-break--disabled \">\n\t\t<h2 class=\"qodef-m-title\" >\n\t\t\t\t\t<span class=\"qodef-m-hightlight\"><span>Sehensw\u00fcrdigkeiten<\/span><\/span>\t\t\t<\/h2>\n\t\t<p class=\"qodef-m-text\" >Auch f\u00fcr Kulturliebhaber hat die Region rund um unsere Apartments viel zu bieten. Schaubergwerke warten darauf, erkundet zu werden; Naturschauspiele wie die Krimmler Wasserf\u00e4lle locken mit tollen Aussichten. Und auch in den nahen St\u00e4dten wie Jenbach, Wattens oder Innsbruck gibt es immer was zu sehen.<\/p>\n<\/div>\t\t\t\t<\/div>\n\t\t\t\t<\/div>\n\t\t\t\t\t<\/div>\n\t\t<\/div>\n\t\t\t\t\t<\/div>\n\t\t<\/section>\n\t\t\t\t<section class=\"elementor-section elementor-top-section elementor-element elementor-element-253cf39 elementor-section-content-middle elementor-section-boxed elementor-section-height-default elementor-section-height-default qodef-elementor-content-no\" data-id=\"253cf39\" data-element_type=\"section\" data-e-type=\"section\">\n\t\t\t\t\t\t<div class=\"elementor-container elementor-column-gap-default\">\n\t\t\t\t\t<div class=\"elementor-column elementor-col-50 elementor-top-column elementor-element elementor-element-6c599ae\" data-id=\"6c599ae\" data-element_type=\"column\" data-e-type=\"column\">\n\t\t\t<div class=\"elementor-widget-wrap elementor-element-populated\">\n\t\t\t\t\t\t<div class=\"elementor-element elementor-element-2f86d84 elementor-widget elementor-widget-image\" data-id=\"2f86d84\" data-element_type=\"widget\" data-e-type=\"widget\" data-settings=\"{&quot;motion_fx_motion_fx_scrolling&quot;:&quot;yes&quot;,&quot;motion_fx_translateY_effect&quot;:&quot;yes&quot;,&quot;motion_fx_translateY_speed&quot;:{&quot;unit&quot;:&quot;px&quot;,&quot;size&quot;:1.6999999999999999555910790149937383830547332763671875,&quot;sizes&quot;:[]},&quot;motion_fx_translateY_affectedRange&quot;:{&quot;unit&quot;:&quot;%&quot;,&quot;size&quot;:&quot;&quot;,&quot;sizes&quot;:{&quot;start&quot;:0,&quot;end&quot;:67}},&quot;motion_fx_translateX_effect&quot;:&quot;yes&quot;,&quot;motion_fx_translateX_speed&quot;:{&quot;unit&quot;:&quot;px&quot;,&quot;size&quot;:0.200000000000000011102230246251565404236316680908203125,&quot;sizes&quot;:[]},&quot;motion_fx_translateX_affectedRange&quot;:{&quot;unit&quot;:&quot;%&quot;,&quot;size&quot;:&quot;&quot;,&quot;sizes&quot;:{&quot;start&quot;:0,&quot;end&quot;:100}},&quot;motion_fx_devices&quot;:[&quot;desktop&quot;,&quot;tablet&quot;,&quot;mobile&quot;]}\" data-widget_type=\"image.default\">\n\t\t\t\t<div class=\"elementor-widget-container\">\n\t\t\t\t\t\t\t\t\t\t\t\t\t\t\t<img loading=\"lazy\" decoding=\"async\" width=\"768\" height=\"512\" src=\"https:\/\/www.chalet-ahornblick.at\/wp-content\/uploads\/2021\/05\/seven_reasons_zillertal_urlaub_Tirol_-3-768x512.jpg\" class=\"attachment-medium_large size-medium_large wp-image-5113\" alt=\"\" srcset=\"https:\/\/www.chalet-ahornblick.at\/wp-content\/uploads\/2021\/05\/seven_reasons_zillertal_urlaub_Tirol_-3-768x512.jpg 768w, https:\/\/www.chalet-ahornblick.at\/wp-content\/uploads\/2021\/05\/seven_reasons_zillertal_urlaub_Tirol_-3-300x200.jpg 300w, https:\/\/www.chalet-ahornblick.at\/wp-content\/uploads\/2021\/05\/seven_reasons_zillertal_urlaub_Tirol_-3-1024x683.jpg 1024w, https:\/\/www.chalet-ahornblick.at\/wp-content\/uploads\/2021\/05\/seven_reasons_zillertal_urlaub_Tirol_-3-1536x1024.jpg 1536w, https:\/\/www.chalet-ahornblick.at\/wp-content\/uploads\/2021\/05\/seven_reasons_zillertal_urlaub_Tirol_-3-600x400.jpg 600w, https:\/\/www.chalet-ahornblick.at\/wp-content\/uploads\/2021\/05\/seven_reasons_zillertal_urlaub_Tirol_-3.jpg 1920w\" sizes=\"(max-width: 768px) 100vw, 768px\" \/>\t\t\t\t\t\t\t\t\t\t\t\t\t\t\t<\/div>\n\t\t\t\t<\/div>\n\t\t\t\t\t<\/div>\n\t\t<\/div>\n\t\t\t\t<div class=\"elementor-column elementor-col-50 elementor-top-column elementor-element elementor-element-4ec2bf5\" data-id=\"4ec2bf5\" data-element_type=\"column\" data-e-type=\"column\">\n\t\t\t<div class=\"elementor-widget-wrap elementor-element-populated\">\n\t\t\t\t\t\t<div class=\"elementor-element elementor-element-9d0ac39 elementor-invisible elementor-widget elementor-widget-querida_core_section_title\" data-id=\"9d0ac39\" data-element_type=\"widget\" data-e-type=\"widget\" data-settings=\"{&quot;_animation&quot;:&quot;fadeInUp&quot;,&quot;motion_fx_motion_fx_scrolling&quot;:&quot;yes&quot;,&quot;motion_fx_translateY_effect&quot;:&quot;yes&quot;,&quot;motion_fx_translateY_affectedRange&quot;:{&quot;unit&quot;:&quot;%&quot;,&quot;size&quot;:&quot;&quot;,&quot;sizes&quot;:{&quot;start&quot;:12,&quot;end&quot;:88}},&quot;motion_fx_blur_effect&quot;:&quot;yes&quot;,&quot;motion_fx_blur_level&quot;:{&quot;unit&quot;:&quot;px&quot;,&quot;size&quot;:5,&quot;sizes&quot;:[]},&quot;motion_fx_blur_range&quot;:{&quot;unit&quot;:&quot;%&quot;,&quot;size&quot;:&quot;&quot;,&quot;sizes&quot;:{&quot;start&quot;:0,&quot;end&quot;:27}},&quot;motion_fx_translateY_speed&quot;:{&quot;unit&quot;:&quot;px&quot;,&quot;size&quot;:2.5,&quot;sizes&quot;:[]},&quot;motion_fx_blur_direction&quot;:&quot;out-in&quot;,&quot;motion_fx_devices&quot;:[&quot;desktop&quot;,&quot;tablet&quot;,&quot;mobile&quot;]}\" data-widget_type=\"querida_core_section_title.default\">\n\t\t\t\t<div class=\"elementor-widget-container\">\n\t\t\t\t\t<div class=\"qodef-shortcode qodef-m  qodef-section-title qodef-alignment--left qodef-title-break--disabled \">\n\t\t<h2 class=\"qodef-m-title\" >\n\t\t\t\t\t<span class=\"qodef-m-hightlight\"><span>Gastfreundliche<\/span><\/span> Menschen\t\t\t<\/h2>\n\t\t<p class=\"qodef-m-text\" >Die Gastfreundschaft der Tiroler ist weit bekannt und sehr gesch\u00e4tzt und einer der vielen Gr\u00fcnde, warum es so viele Urlauber jedes Jahr aufs Neue ins Land zieht. <\/p>\n<\/div>\t\t\t\t<\/div>\n\t\t\t\t<\/div>\n\t\t\t\t\t<\/div>\n\t\t<\/div>\n\t\t\t\t\t<\/div>\n\t\t<\/section>\n\t\t\t\t<section class=\"elementor-section elementor-top-section elementor-element elementor-element-6efdf74 elementor-section-content-middle elementor-section-boxed elementor-section-height-default elementor-section-height-default qodef-elementor-content-no\" data-id=\"6efdf74\" data-element_type=\"section\" data-e-type=\"section\">\n\t\t\t\t\t\t<div class=\"elementor-container elementor-column-gap-default\">\n\t\t\t\t\t<div class=\"elementor-column elementor-col-33 elementor-top-column elementor-element elementor-element-f6d3853\" data-id=\"f6d3853\" data-element_type=\"column\" data-e-type=\"column\">\n\t\t\t<div class=\"elementor-widget-wrap elementor-element-populated\">\n\t\t\t\t\t\t<div class=\"elementor-element elementor-element-e378f7a elementor-widget elementor-widget-image\" data-id=\"e378f7a\" data-element_type=\"widget\" data-e-type=\"widget\" data-settings=\"{&quot;motion_fx_motion_fx_scrolling&quot;:&quot;yes&quot;,&quot;motion_fx_translateY_effect&quot;:&quot;yes&quot;,&quot;motion_fx_translateY_speed&quot;:{&quot;unit&quot;:&quot;px&quot;,&quot;size&quot;:1.6999999999999999555910790149937383830547332763671875,&quot;sizes&quot;:[]},&quot;motion_fx_translateY_affectedRange&quot;:{&quot;unit&quot;:&quot;%&quot;,&quot;size&quot;:&quot;&quot;,&quot;sizes&quot;:{&quot;start&quot;:0,&quot;end&quot;:67}},&quot;motion_fx_translateX_effect&quot;:&quot;yes&quot;,&quot;motion_fx_translateX_speed&quot;:{&quot;unit&quot;:&quot;px&quot;,&quot;size&quot;:0.200000000000000011102230246251565404236316680908203125,&quot;sizes&quot;:[]},&quot;motion_fx_translateX_affectedRange&quot;:{&quot;unit&quot;:&quot;%&quot;,&quot;size&quot;:&quot;&quot;,&quot;sizes&quot;:{&quot;start&quot;:0,&quot;end&quot;:100}},&quot;motion_fx_devices&quot;:[&quot;desktop&quot;,&quot;tablet&quot;,&quot;mobile&quot;]}\" data-widget_type=\"image.default\">\n\t\t\t\t<div class=\"elementor-widget-container\">\n\t\t\t\t\t\t\t\t\t\t\t\t\t\t\t<img loading=\"lazy\" decoding=\"async\" width=\"768\" height=\"512\" src=\"https:\/\/www.chalet-ahornblick.at\/wp-content\/uploads\/2021\/05\/seven_reasons_zillertal_urlaub_Tirol_-16-768x512.jpg\" class=\"attachment-medium_large size-medium_large wp-image-5180\" alt=\"\" srcset=\"https:\/\/www.chalet-ahornblick.at\/wp-content\/uploads\/2021\/05\/seven_reasons_zillertal_urlaub_Tirol_-16-768x512.jpg 768w, https:\/\/www.chalet-ahornblick.at\/wp-content\/uploads\/2021\/05\/seven_reasons_zillertal_urlaub_Tirol_-16-300x200.jpg 300w, https:\/\/www.chalet-ahornblick.at\/wp-content\/uploads\/2021\/05\/seven_reasons_zillertal_urlaub_Tirol_-16-1024x683.jpg 1024w, https:\/\/www.chalet-ahornblick.at\/wp-content\/uploads\/2021\/05\/seven_reasons_zillertal_urlaub_Tirol_-16-1536x1025.jpg 1536w, https:\/\/www.chalet-ahornblick.at\/wp-content\/uploads\/2021\/05\/seven_reasons_zillertal_urlaub_Tirol_-16-600x400.jpg 600w, https:\/\/www.chalet-ahornblick.at\/wp-content\/uploads\/2021\/05\/seven_reasons_zillertal_urlaub_Tirol_-16.jpg 1920w\" sizes=\"(max-width: 768px) 100vw, 768px\" \/>\t\t\t\t\t\t\t\t\t\t\t\t\t\t\t<\/div>\n\t\t\t\t<\/div>\n\t\t\t\t\t<\/div>\n\t\t<\/div>\n\t\t\t\t<div class=\"elementor-column elementor-col-66 elementor-top-column elementor-element elementor-element-474fbd2\" data-id=\"474fbd2\" data-element_type=\"column\" data-e-type=\"column\">\n\t\t\t<div class=\"elementor-widget-wrap elementor-element-populated\">\n\t\t\t\t\t\t<div class=\"elementor-element elementor-element-32da598 elementor-invisible elementor-widget elementor-widget-querida_core_section_title\" data-id=\"32da598\" data-element_type=\"widget\" data-e-type=\"widget\" data-settings=\"{&quot;_animation&quot;:&quot;fadeInUp&quot;,&quot;motion_fx_motion_fx_scrolling&quot;:&quot;yes&quot;,&quot;motion_fx_translateY_effect&quot;:&quot;yes&quot;,&quot;motion_fx_translateY_affectedRange&quot;:{&quot;unit&quot;:&quot;%&quot;,&quot;size&quot;:&quot;&quot;,&quot;sizes&quot;:{&quot;start&quot;:12,&quot;end&quot;:88}},&quot;motion_fx_blur_effect&quot;:&quot;yes&quot;,&quot;motion_fx_blur_level&quot;:{&quot;unit&quot;:&quot;px&quot;,&quot;size&quot;:5,&quot;sizes&quot;:[]},&quot;motion_fx_blur_range&quot;:{&quot;unit&quot;:&quot;%&quot;,&quot;size&quot;:&quot;&quot;,&quot;sizes&quot;:{&quot;start&quot;:0,&quot;end&quot;:27}},&quot;motion_fx_translateY_speed&quot;:{&quot;unit&quot;:&quot;px&quot;,&quot;size&quot;:2.5,&quot;sizes&quot;:[]},&quot;motion_fx_blur_direction&quot;:&quot;out-in&quot;,&quot;motion_fx_devices&quot;:[&quot;desktop&quot;,&quot;tablet&quot;,&quot;mobile&quot;]}\" data-widget_type=\"querida_core_section_title.default\">\n\t\t\t\t<div class=\"elementor-widget-container\">\n\t\t\t\t\t<div class=\"qodef-shortcode qodef-m  qodef-section-title qodef-alignment--left qodef-title-break--disabled \">\n\t\t<h2 class=\"qodef-m-title\" >\n\t\t\t\t\tModerne und <span class=\"qodef-m-hightlight\"><span>Tradition<\/span><\/span> vereint\t\t\t<\/h2>\n\t\t<p class=\"qodef-m-text\" >Ganz gleich, ob sie \u00fcber Stock und Stein wandern oder die moderne Seilbahn auf den Berg hinauf nehmen \u2013 die sch\u00f6nsten Urlaubserlebnisse sind Ihnen jederzeit sicher. Und unsere Apartments warten als gem\u00fctlicher R\u00fcckzugsort auf Sie.<\/p>\n<\/div>\t\t\t\t<\/div>\n\t\t\t\t<\/div>\n\t\t\t\t\t<\/div>\n\t\t<\/div>\n\t\t\t\t\t<\/div>\n\t\t<\/section>\n\t\t\t\t<section class=\"elementor-section elementor-top-section elementor-element elementor-element-7886654 elementor-section-boxed elementor-section-height-default elementor-section-height-default qodef-elementor-content-no\" data-id=\"7886654\" data-element_type=\"section\" data-e-type=\"section\">\n\t\t\t\t\t\t<div class=\"elementor-container elementor-column-gap-default\">\n\t\t\t\t\t<div class=\"elementor-column elementor-col-100 elementor-top-column elementor-element elementor-element-601dace\" data-id=\"601dace\" data-element_type=\"column\" data-e-type=\"column\">\n\t\t\t<div class=\"elementor-widget-wrap elementor-element-populated\">\n\t\t\t\t\t\t<div class=\"elementor-element elementor-element-834f8ab elementor-widget elementor-widget-spacer\" data-id=\"834f8ab\" data-element_type=\"widget\" data-e-type=\"widget\" data-widget_type=\"spacer.default\">\n\t\t\t\t<div class=\"elementor-widget-container\">\n\t\t\t\t\t\t\t<div class=\"elementor-spacer\">\n\t\t\t<div class=\"elementor-spacer-inner\"><\/div>\n\t\t<\/div>\n\t\t\t\t\t\t<\/div>\n\t\t\t\t<\/div>\n\t\t\t\t\t<\/div>\n\t\t<\/div>\n\t\t\t\t\t<\/div>\n\t\t<\/section>\n\t\t\t\t<\/div>\n\t\t","protected":false},"excerpt":{"rendered":"<p>Ein Sommer wie damals. Frische Bergluft, Sonnenstrahlen, die \u00fcber die Gipfel blinzeln, der Geruch von frisch gem\u00e4hten Wiesen\u2026 so muss ein Sommerurlaub in \u00d6sterreich aussehen. Wenn er dann auch noch mit abwechslungsreichen Aktivit\u00e4ten aufwarten kann, dann ist die Urlaubszeit perfekt! Unsere Apartments liegen im Herzen des Zillertals, darum ist es nie weit bis zu den [&hellip;]<\/p>\n","protected":false},"author":1,"featured_media":0,"parent":0,"menu_order":0,"comment_status":"closed","ping_status":"closed","template":"page-full-width.php","meta":{"iawp_total_views":147,"footnotes":""},"class_list":["post-5046","page","type-page","status-publish","hentry"],"yoast_head":"<!-- This site is optimized with the Yoast SEO plugin v26.8 - https:\/\/yoast.com\/product\/yoast-seo-wordpress\/ -->\n<title>Sommer - Chalet Ahornblick<\/title>\n<meta name=\"robots\" content=\"index, follow, max-snippet:-1, max-image-preview:large, max-video-preview:-1\" \/>\n<link rel=\"canonical\" href=\"https:\/\/www.chalet-ahornblick.at\/en\/sommer\/\" \/>\n<meta property=\"og:locale\" content=\"en_GB\" \/>\n<meta property=\"og:type\" content=\"article\" \/>\n<meta property=\"og:title\" content=\"Sommer - Chalet Ahornblick\" \/>\n<meta property=\"og:description\" content=\"Ein Sommer wie damals. Frische Bergluft, Sonnenstrahlen, die \u00fcber die Gipfel blinzeln, der Geruch von frisch gem\u00e4hten Wiesen\u2026 so muss ein Sommerurlaub in \u00d6sterreich aussehen. Wenn er dann auch noch mit abwechslungsreichen Aktivit\u00e4ten aufwarten kann, dann ist die Urlaubszeit perfekt! Unsere Apartments liegen im Herzen des Zillertals, darum ist es nie weit bis zu den [&hellip;]\" \/>\n<meta property=\"og:url\" content=\"https:\/\/www.chalet-ahornblick.at\/en\/sommer\/\" \/>\n<meta property=\"og:site_name\" content=\"Chalet Ahornblick\" \/>\n<meta property=\"article:modified_time\" content=\"2022-09-29T09:54:22+00:00\" \/>\n<meta property=\"og:image\" content=\"https:\/\/www.chalet-ahornblick.at\/wp-content\/uploads\/2022\/03\/Chalet-Ahornblick-colour-1-768x387.png\" \/>\n<meta name=\"twitter:card\" content=\"summary_large_image\" \/>\n<meta name=\"twitter:label1\" content=\"Estimated reading time\" \/>\n\t<meta name=\"twitter:data1\" content=\"2 minutes\" \/>\n<script type=\"application\/ld+json\" class=\"yoast-schema-graph\">{\"@context\":\"https:\/\/schema.org\",\"@graph\":[{\"@type\":\"WebPage\",\"@id\":\"https:\/\/www.chalet-ahornblick.at\/sommer\/\",\"url\":\"https:\/\/www.chalet-ahornblick.at\/sommer\/\",\"name\":\"Sommer - Chalet Ahornblick\",\"isPartOf\":{\"@id\":\"https:\/\/www.chalet-ahornblick.at\/#website\"},\"primaryImageOfPage\":{\"@id\":\"https:\/\/www.chalet-ahornblick.at\/sommer\/#primaryimage\"},\"image\":{\"@id\":\"https:\/\/www.chalet-ahornblick.at\/sommer\/#primaryimage\"},\"thumbnailUrl\":\"https:\/\/www.chalet-ahornblick.at\/wp-content\/uploads\/2022\/03\/Chalet-Ahornblick-colour-1-768x387.png\",\"datePublished\":\"2021-05-04T18:47:12+00:00\",\"dateModified\":\"2022-09-29T09:54:22+00:00\",\"breadcrumb\":{\"@id\":\"https:\/\/www.chalet-ahornblick.at\/sommer\/#breadcrumb\"},\"inLanguage\":\"en-GB\",\"potentialAction\":[{\"@type\":\"ReadAction\",\"target\":[\"https:\/\/www.chalet-ahornblick.at\/sommer\/\"]}]},{\"@type\":\"ImageObject\",\"inLanguage\":\"en-GB\",\"@id\":\"https:\/\/www.chalet-ahornblick.at\/sommer\/#primaryimage\",\"url\":\"https:\/\/www.chalet-ahornblick.at\/wp-content\/uploads\/2022\/03\/Chalet-Ahornblick-colour-1-768x387.png\",\"contentUrl\":\"https:\/\/www.chalet-ahornblick.at\/wp-content\/uploads\/2022\/03\/Chalet-Ahornblick-colour-1-768x387.png\"},{\"@type\":\"BreadcrumbList\",\"@id\":\"https:\/\/www.chalet-ahornblick.at\/sommer\/#breadcrumb\",\"itemListElement\":[{\"@type\":\"ListItem\",\"position\":1,\"name\":\"Startseite\",\"item\":\"https:\/\/www.chalet-ahornblick.at\/\"},{\"@type\":\"ListItem\",\"position\":2,\"name\":\"Sommer\"}]},{\"@type\":\"WebSite\",\"@id\":\"https:\/\/www.chalet-ahornblick.at\/#website\",\"url\":\"https:\/\/www.chalet-ahornblick.at\/\",\"name\":\"chalet-ahornblick.at\",\"description\":\"Erleben Sie das Zillertal!\",\"publisher\":{\"@id\":\"https:\/\/www.chalet-ahornblick.at\/#organization\"},\"alternateName\":\"chalet-ahornblick\",\"potentialAction\":[{\"@type\":\"SearchAction\",\"target\":{\"@type\":\"EntryPoint\",\"urlTemplate\":\"https:\/\/www.chalet-ahornblick.at\/?s={search_term_string}\"},\"query-input\":{\"@type\":\"PropertyValueSpecification\",\"valueRequired\":true,\"valueName\":\"search_term_string\"}}],\"inLanguage\":\"en-GB\"},{\"@type\":\"Organization\",\"@id\":\"https:\/\/www.chalet-ahornblick.at\/#organization\",\"name\":\"Schweinberger Vermietung GmbH\",\"alternateName\":\"Schweinberger Vermietung GmbH\",\"url\":\"https:\/\/www.chalet-ahornblick.at\/\",\"logo\":{\"@type\":\"ImageObject\",\"inLanguage\":\"en-GB\",\"@id\":\"https:\/\/www.chalet-ahornblick.at\/#\/schema\/logo\/image\/\",\"url\":\"https:\/\/www.chalet-ahornblick.at\/wp-content\/uploads\/2023\/10\/s_vermietung_logo.png\",\"contentUrl\":\"https:\/\/www.chalet-ahornblick.at\/wp-content\/uploads\/2023\/10\/s_vermietung_logo.png\",\"width\":4632,\"height\":2848,\"caption\":\"Schweinberger Vermietung GmbH\"},\"image\":{\"@id\":\"https:\/\/www.chalet-ahornblick.at\/#\/schema\/logo\/image\/\"}}]}<\/script>\n<!-- \/ Yoast SEO plugin. -->","yoast_head_json":{"title":"Sommer - Chalet Ahornblick","robots":{"index":"index","follow":"follow","max-snippet":"max-snippet:-1","max-image-preview":"max-image-preview:large","max-video-preview":"max-video-preview:-1"},"canonical":"https:\/\/www.chalet-ahornblick.at\/en\/sommer\/","og_locale":"en_GB","og_type":"article","og_title":"Sommer - Chalet Ahornblick","og_description":"Ein Sommer wie damals. Frische Bergluft, Sonnenstrahlen, die \u00fcber die Gipfel blinzeln, der Geruch von frisch gem\u00e4hten Wiesen\u2026 so muss ein Sommerurlaub in \u00d6sterreich aussehen. Wenn er dann auch noch mit abwechslungsreichen Aktivit\u00e4ten aufwarten kann, dann ist die Urlaubszeit perfekt! Unsere Apartments liegen im Herzen des Zillertals, darum ist es nie weit bis zu den [&hellip;]","og_url":"https:\/\/www.chalet-ahornblick.at\/en\/sommer\/","og_site_name":"Chalet Ahornblick","article_modified_time":"2022-09-29T09:54:22+00:00","og_image":[{"url":"https:\/\/www.chalet-ahornblick.at\/wp-content\/uploads\/2022\/03\/Chalet-Ahornblick-colour-1-768x387.png","type":"","width":"","height":""}],"twitter_card":"summary_large_image","twitter_misc":{"Estimated reading time":"2 minutes"},"schema":{"@context":"https:\/\/schema.org","@graph":[{"@type":"WebPage","@id":"https:\/\/www.chalet-ahornblick.at\/sommer\/","url":"https:\/\/www.chalet-ahornblick.at\/sommer\/","name":"Sommer - Chalet Ahornblick","isPartOf":{"@id":"https:\/\/www.chalet-ahornblick.at\/#website"},"primaryImageOfPage":{"@id":"https:\/\/www.chalet-ahornblick.at\/sommer\/#primaryimage"},"image":{"@id":"https:\/\/www.chalet-ahornblick.at\/sommer\/#primaryimage"},"thumbnailUrl":"https:\/\/www.chalet-ahornblick.at\/wp-content\/uploads\/2022\/03\/Chalet-Ahornblick-colour-1-768x387.png","datePublished":"2021-05-04T18:47:12+00:00","dateModified":"2022-09-29T09:54:22+00:00","breadcrumb":{"@id":"https:\/\/www.chalet-ahornblick.at\/sommer\/#breadcrumb"},"inLanguage":"en-GB","potentialAction":[{"@type":"ReadAction","target":["https:\/\/www.chalet-ahornblick.at\/sommer\/"]}]},{"@type":"ImageObject","inLanguage":"en-GB","@id":"https:\/\/www.chalet-ahornblick.at\/sommer\/#primaryimage","url":"https:\/\/www.chalet-ahornblick.at\/wp-content\/uploads\/2022\/03\/Chalet-Ahornblick-colour-1-768x387.png","contentUrl":"https:\/\/www.chalet-ahornblick.at\/wp-content\/uploads\/2022\/03\/Chalet-Ahornblick-colour-1-768x387.png"},{"@type":"BreadcrumbList","@id":"https:\/\/www.chalet-ahornblick.at\/sommer\/#breadcrumb","itemListElement":[{"@type":"ListItem","position":1,"name":"Startseite","item":"https:\/\/www.chalet-ahornblick.at\/"},{"@type":"ListItem","position":2,"name":"Sommer"}]},{"@type":"WebSite","@id":"https:\/\/www.chalet-ahornblick.at\/#website","url":"https:\/\/www.chalet-ahornblick.at\/","name":"chalet-ahornblick.at","description":"Erleben Sie das Zillertal!","publisher":{"@id":"https:\/\/www.chalet-ahornblick.at\/#organization"},"alternateName":"chalet-ahornblick","potentialAction":[{"@type":"SearchAction","target":{"@type":"EntryPoint","urlTemplate":"https:\/\/www.chalet-ahornblick.at\/?s={search_term_string}"},"query-input":{"@type":"PropertyValueSpecification","valueRequired":true,"valueName":"search_term_string"}}],"inLanguage":"en-GB"},{"@type":"Organization","@id":"https:\/\/www.chalet-ahornblick.at\/#organization","name":"Schweinberger Vermietung GmbH","alternateName":"Schweinberger Vermietung GmbH","url":"https:\/\/www.chalet-ahornblick.at\/","logo":{"@type":"ImageObject","inLanguage":"en-GB","@id":"https:\/\/www.chalet-ahornblick.at\/#\/schema\/logo\/image\/","url":"https:\/\/www.chalet-ahornblick.at\/wp-content\/uploads\/2023\/10\/s_vermietung_logo.png","contentUrl":"https:\/\/www.chalet-ahornblick.at\/wp-content\/uploads\/2023\/10\/s_vermietung_logo.png","width":4632,"height":2848,"caption":"Schweinberger Vermietung GmbH"},"image":{"@id":"https:\/\/www.chalet-ahornblick.at\/#\/schema\/logo\/image\/"}}]}},"_links":{"self":[{"href":"https:\/\/www.chalet-ahornblick.at\/en\/wp-json\/wp\/v2\/pages\/5046","targetHints":{"allow":["GET"]}}],"collection":[{"href":"https:\/\/www.chalet-ahornblick.at\/en\/wp-json\/wp\/v2\/pages"}],"about":[{"href":"https:\/\/www.chalet-ahornblick.at\/en\/wp-json\/wp\/v2\/types\/page"}],"author":[{"embeddable":true,"href":"https:\/\/www.chalet-ahornblick.at\/en\/wp-json\/wp\/v2\/users\/1"}],"replies":[{"embeddable":true,"href":"https:\/\/www.chalet-ahornblick.at\/en\/wp-json\/wp\/v2\/comments?post=5046"}],"version-history":[{"count":54,"href":"https:\/\/www.chalet-ahornblick.at\/en\/wp-json\/wp\/v2\/pages\/5046\/revisions"}],"predecessor-version":[{"id":6087,"href":"https:\/\/www.chalet-ahornblick.at\/en\/wp-json\/wp\/v2\/pages\/5046\/revisions\/6087"}],"wp:attachment":[{"href":"https:\/\/www.chalet-ahornblick.at\/en\/wp-json\/wp\/v2\/media?parent=5046"}],"curies":[{"name":"wp","href":"https:\/\/api.w.org\/{rel}","templated":true}]}}